{"id":38,"date":"2019-05-01T21:03:11","date_gmt":"2019-05-01T21:03:11","guid":{"rendered":"http:\/\/www.4esbjerg.dk\/WP\/?page_id=38"},"modified":"2025-06-21T15:52:39","modified_gmt":"2025-06-21T14:52:39","slug":"spejder-gruppen","status":"publish","type":"page","link":"https:\/\/www.4esbjerg.dk\/WP\/spejder-gruppen\/","title":{"rendered":"Spejder gruppen"},"content":{"rendered":"\n<p>Vores spejder gruppe best\u00e5r af f\u00f8lgende:<\/p>\n\n\n\n<h3 class=\"wp-block-heading\">B\u00e6vere og ulveunger<\/h3>\n\n\n\n<p>B\u00e6vere er for 1. klasse <br>Ulveunger er for 2. &#8211; 3. klasse<\/p>\n\n\n\n<p>Vi m\u00f8des Onsdage kl. 17.00 &#8211; 18.15 p\u00e5 spejdercenter Esbjerg, Sl\u00e5envej 7, med mindre at andet er angivet.<\/p>\n\n\n\n<p>Der er spejderopstart d. 20. august 2025.<\/p>\n\n\n\n<p>Programmet for efter\u00e5ret 2025 bliver udleveret til b\u00f8rnene efter sommerferien.<br><\/p>\n\n\n\n<h4 class=\"wp-block-heading\">Hvad laver B\u00e6vere og Ulve: <\/h4>\n\n\n\n<p>Fantasirammen omkring b\u00e6verarbejdet er i b\u00e6verdammen, hvor man l\u00e6rer at holde sammen, og at samarbejde. Som en del af fantasirammen l\u00e6rer man at f\u00e6rdes i naturen og h\u00f8rer historier.&nbsp;Som i alle andre enheder l\u00e6rer b\u00e6verne igennem leg og ved at g\u00f8re tingene i praksis.<\/p>\n\n\n\n<p>Ulvearbejdet har Junglebogen som fantasiramme. I junglen l\u00e6rer ulvene igennem forskellige aktiviteter at omg\u00e5s naturen med respekt, og at samarbejde i flokken. N\u00e5r man er ulv, begynder man at kigge p\u00e5 kort, \u00f8ve knob og tr\u00e6ne andre spejderf\u00e6rdigheder. Alt foreg\u00e5r p\u00e5 et niveau, hvor alle kan v\u00e6re med, uden at have pr\u00f8vet det f\u00f8r. Det kan dog variere fra gruppe til grupper, hvilke aktiviteter man laver.<\/p>\n\n\n\n<p>Se mere p\u00e5 <a href=\"https:\/\/www.kfumspejderne.dk\/\">https:\/\/www.kfumspejderne.dk\/<\/a><\/p>\n\n\n\n<p><\/p>\n\n\n\n<hr class=\"wp-block-separator has-css-opacity\"\/>\n\n\n\n<h3 class=\"wp-block-heading\">Junior og Trop<\/h3>\n\n\n\n<p>Junior er for 4. &#8211; 5. klasse<br>Trop er for 6. &#8211; 8. klasse <br>Senior er for 9. klasse<\/p>\n\n\n\n<p>Vi m\u00f8des Onsdage kl. 18.30 &#8211; 20.00 p\u00e5 Spejdercenter Esbjerg, Sl\u00e5envej 7, med mindre at andet er angivet.<\/p>\n\n\n\n<p>Der er spejderopstart d. 20. august 2025.<\/p>\n\n\n\n<p>Programmet for efter\u00e5ret 2025 bliver udleveret til b\u00f8rnene efter sommerferien. <\/p>\n\n\n\n<hr class=\"wp-block-separator has-css-opacity\"\/>\n\n\n\n<h4 class=\"wp-block-heading\">Hvad laver Junior og Trop<\/h4>\n\n\n\n<p>N\u00e5r man bliver Junior, tager man for alvor hul p\u00e5 spejderlivet. Det er nu, at man bl.a. l\u00e6rer at h\u00e5ndtere en \u00f8kse og rejse et telt alene. Man begynder at l\u00e6re at klare sig selv.&nbsp;Som Junior f\u00e5r man mere ansvar end f\u00f8r. Man begynder at v\u00e6re opdelt i patruljer, hvor der findes en patruljeleder og assistent blandt spejderne. I patruljen l\u00f8ser de deres opgaver i f\u00e6llesskab, med hj\u00e6lp fra lederne.&nbsp;<\/p>\n\n\n\n<p>Som Tropsspejder kan Aktiviteter best\u00e5 i at tage forskellige m\u00e6rker, forberede ture og lejre, eller hj\u00e6lpe gruppen med st\u00f8rre opgaver. Efterh\u00e5nden som spejderne bliver \u00e6ldre, stiger aktiviteterne i sv\u00e6rhedsgrad samtidig med at graden af &#8220;voksenstyring&#8221; falder. Der bliver sat meget fokus p\u00e5 princippet &#8220;Learning by doing&#8221;. Man l\u00e6rer kun at bygge et raftet\u00e5rn eller lave mad over b\u00e5l ved at pr\u00f8ve.&nbsp;N\u00e5r man er tropspejder, er man inddelt i patruljer, p\u00e5 samme m\u00e5de som juniorerne.<\/p>\n\n\n\n<p> Se mere p\u00e5 <a href=\"https:\/\/www.kfumspejderne.dk\/\">https:\/\/www.kfumspejderne.dk\/<\/a> <\/p>\n\n\n\n<h3 class=\"wp-block-heading\">Rovere<\/h3>\n\n\n\n<p>Rovere er for personer fyldt 17 \u00e5r.<\/p>\n\n\n\n<p>Vi m\u00f8des 1 gang pr m\u00e5ned kl 19.30 &#8211; 21.30 p\u00e5 Spejdercenter Esbjerg, Sl\u00e5envej 7.<\/p>\n\n\n\n<div class=\"wp-block-buttons is-content-justification-center is-layout-flex wp-container-core-buttons-is-layout-16018d1d wp-block-buttons-is-layout-flex\">\n<div class=\"wp-block-button\"><a class=\"wp-block-button__link has-text-align-center wp-element-button\" href=\"http:\/\/www.4esbjerg.dk\/WP\/rovere\/\">Se mere her<\/a><\/div>\n<\/div>\n\n\n\n<p><\/p>\n\n\n\n<hr class=\"wp-block-separator has-css-opacity\"\/>\n\n\n\n<h3 class=\"wp-block-heading\">Familiespejder<\/h3>\n\n\n\n<p>Familiespejder er for familier inklusiv b\u00f8rn. Aktiviteter er henvendt til b\u00f8rn i alderen 3 &#8211; 7 \u00e5r, men s\u00f8skende er ogs\u00e5 velkomne.<\/p>\n\n\n\n<div class=\"wp-block-button aligncenter\"><a class=\"wp-block-button__link wp-element-button\" href=\"http:\/\/www.4esbjerg.dk\/WP\/familie-spejder\/\">Se mere her<\/a><\/div>\n\n\n\n<p><\/p>\n","protected":false},"excerpt":{"rendered":"<p>Vores spejder gruppe best\u00e5r af f\u00f8lgende: B\u00e6vere og ulveunger B\u00e6vere er for 1. klasse Ulveunger er for 2. &#8211; 3. klasse Vi m\u00f8des Onsdage kl. 17.00 &#8211; 18.15 p\u00e5 spejdercenter Esbjerg, Sl\u00e5envej 7, med mindre at andet er angivet. Der er spejderopstart d. 20. august 2025. Programmet for efter\u00e5ret 2025 bliver udleveret til b\u00f8rnene efter&#8230;<\/p>\n","protected":false},"author":1,"featured_media":292,"parent":0,"menu_order":0,"comment_status":"closed","ping_status":"closed","template":"","meta":{"_exactmetrics_skip_tracking":false,"_exactmetrics_sitenote_active":false,"_exactmetrics_sitenote_note":"","_exactmetrics_sitenote_category":0,"_uf_show_specific_survey":0,"_uf_disable_surveys":false,"ngg_post_thumbnail":0,"footnotes":""},"class_list":["post-38","page","type-page","status-publish","has-post-thumbnail","hentry"],"aioseo_notices":[],"yoast_head":"<!-- This site is optimized with the Yoast SEO plugin v27.3 - https:\/\/yoast.com\/product\/yoast-seo-wordpress\/ -->\n<title>Spejder gruppen - KFUM 4. Esbjerg Gruppe<\/title>\n<meta name=\"robots\" content=\"index, follow, max-snippet:-1, max-image-preview:large, max-video-preview:-1\" \/>\n<link rel=\"canonical\" href=\"http:\/\/www.4esbjerg.dk\/WP\/spejder-gruppen\/\" \/>\n<meta property=\"og:locale\" content=\"en_US\" \/>\n<meta property=\"og:type\" content=\"article\" \/>\n<meta property=\"og:title\" content=\"Spejder gruppen - KFUM 4. Esbjerg Gruppe\" \/>\n<meta property=\"og:description\" content=\"Vores spejder gruppe best\u00e5r af f\u00f8lgende: B\u00e6vere og ulveunger B\u00e6vere er for 1. klasse Ulveunger er for 2. &#8211; 3. klasse Vi m\u00f8des Onsdage kl. 17.00 &#8211; 18.15 p\u00e5 spejdercenter Esbjerg, Sl\u00e5envej 7, med mindre at andet er angivet. Der er spejderopstart d. 20. august 2025. Programmet for efter\u00e5ret 2025 bliver udleveret til b\u00f8rnene efter...\" \/>\n<meta property=\"og:url\" content=\"http:\/\/www.4esbjerg.dk\/WP\/spejder-gruppen\/\" \/>\n<meta property=\"og:site_name\" content=\"KFUM 4. Esbjerg Gruppe\" \/>\n<meta property=\"article:publisher\" content=\"http:\/\/www.facebook.com\/4esbjerg\/\" \/>\n<meta property=\"article:modified_time\" content=\"2025-06-21T14:52:39+00:00\" \/>\n<meta property=\"og:image\" content=\"https:\/\/i0.wp.com\/www.4esbjerg.dk\/WP\/wp-content\/uploads\/2019\/08\/juniorOgTropAugust2019_3redigeret.jpg?fit=1998%2C967\" \/>\n\t<meta property=\"og:image:width\" content=\"1998\" \/>\n\t<meta property=\"og:image:height\" content=\"967\" \/>\n\t<meta property=\"og:image:type\" content=\"image\/jpeg\" \/>\n<meta name=\"twitter:card\" content=\"summary_large_image\" \/>\n<meta name=\"twitter:label1\" content=\"Est. reading time\" \/>\n\t<meta name=\"twitter:data1\" content=\"3 minutes\" \/>\n<script type=\"application\/ld+json\" class=\"yoast-schema-graph\">{\"@context\":\"https:\\\/\\\/schema.org\",\"@graph\":[{\"@type\":\"WebPage\",\"@id\":\"http:\\\/\\\/www.4esbjerg.dk\\\/WP\\\/spejder-gruppen\\\/\",\"url\":\"http:\\\/\\\/www.4esbjerg.dk\\\/WP\\\/spejder-gruppen\\\/\",\"name\":\"Spejder gruppen - KFUM 4. Esbjerg Gruppe\",\"isPartOf\":{\"@id\":\"http:\\\/\\\/www.4esbjerg.dk\\\/WP\\\/#website\"},\"primaryImageOfPage\":{\"@id\":\"http:\\\/\\\/www.4esbjerg.dk\\\/WP\\\/spejder-gruppen\\\/#primaryimage\"},\"image\":{\"@id\":\"http:\\\/\\\/www.4esbjerg.dk\\\/WP\\\/spejder-gruppen\\\/#primaryimage\"},\"thumbnailUrl\":\"https:\\\/\\\/i0.wp.com\\\/www.4esbjerg.dk\\\/WP\\\/wp-content\\\/uploads\\\/2019\\\/08\\\/juniorOgTropAugust2019_3redigeret.jpg?fit=1998%2C967&ssl=1\",\"datePublished\":\"2019-05-01T21:03:11+00:00\",\"dateModified\":\"2025-06-21T14:52:39+00:00\",\"breadcrumb\":{\"@id\":\"http:\\\/\\\/www.4esbjerg.dk\\\/WP\\\/spejder-gruppen\\\/#breadcrumb\"},\"inLanguage\":\"en-US\",\"potentialAction\":[{\"@type\":\"ReadAction\",\"target\":[\"http:\\\/\\\/www.4esbjerg.dk\\\/WP\\\/spejder-gruppen\\\/\"]}]},{\"@type\":\"ImageObject\",\"inLanguage\":\"en-US\",\"@id\":\"http:\\\/\\\/www.4esbjerg.dk\\\/WP\\\/spejder-gruppen\\\/#primaryimage\",\"url\":\"https:\\\/\\\/i0.wp.com\\\/www.4esbjerg.dk\\\/WP\\\/wp-content\\\/uploads\\\/2019\\\/08\\\/juniorOgTropAugust2019_3redigeret.jpg?fit=1998%2C967&ssl=1\",\"contentUrl\":\"https:\\\/\\\/i0.wp.com\\\/www.4esbjerg.dk\\\/WP\\\/wp-content\\\/uploads\\\/2019\\\/08\\\/juniorOgTropAugust2019_3redigeret.jpg?fit=1998%2C967&ssl=1\",\"width\":1998,\"height\":967},{\"@type\":\"BreadcrumbList\",\"@id\":\"http:\\\/\\\/www.4esbjerg.dk\\\/WP\\\/spejder-gruppen\\\/#breadcrumb\",\"itemListElement\":[{\"@type\":\"ListItem\",\"position\":1,\"name\":\"Home\",\"item\":\"http:\\\/\\\/www.4esbjerg.dk\\\/WP\\\/\"},{\"@type\":\"ListItem\",\"position\":2,\"name\":\"Spejder gruppen\"}]},{\"@type\":\"WebSite\",\"@id\":\"http:\\\/\\\/www.4esbjerg.dk\\\/WP\\\/#website\",\"url\":\"http:\\\/\\\/www.4esbjerg.dk\\\/WP\\\/\",\"name\":\"KFUM 4. Esbjerg Gruppe\",\"description\":\"Er du til Spejderlivet eller klatring, s\u00e5 er du havnet det rigtige sted\",\"publisher\":{\"@id\":\"http:\\\/\\\/www.4esbjerg.dk\\\/WP\\\/#organization\"},\"potentialAction\":[{\"@type\":\"SearchAction\",\"target\":{\"@type\":\"EntryPoint\",\"urlTemplate\":\"http:\\\/\\\/www.4esbjerg.dk\\\/WP\\\/?s={search_term_string}\"},\"query-input\":{\"@type\":\"PropertyValueSpecification\",\"valueRequired\":true,\"valueName\":\"search_term_string\"}}],\"inLanguage\":\"en-US\"},{\"@type\":\"Organization\",\"@id\":\"http:\\\/\\\/www.4esbjerg.dk\\\/WP\\\/#organization\",\"name\":\"KFUM 4. Esbjerg Gruppe\",\"url\":\"http:\\\/\\\/www.4esbjerg.dk\\\/WP\\\/\",\"logo\":{\"@type\":\"ImageObject\",\"inLanguage\":\"en-US\",\"@id\":\"http:\\\/\\\/www.4esbjerg.dk\\\/WP\\\/#\\\/schema\\\/logo\\\/image\\\/\",\"url\":\"https:\\\/\\\/i0.wp.com\\\/www.4esbjerg.dk\\\/WP\\\/wp-content\\\/uploads\\\/2019\\\/05\\\/KFUM-Spejderne_farver_firkantet-redigeret.png?fit=867%2C867\",\"contentUrl\":\"https:\\\/\\\/i0.wp.com\\\/www.4esbjerg.dk\\\/WP\\\/wp-content\\\/uploads\\\/2019\\\/05\\\/KFUM-Spejderne_farver_firkantet-redigeret.png?fit=867%2C867\",\"width\":867,\"height\":867,\"caption\":\"KFUM 4. Esbjerg Gruppe\"},\"image\":{\"@id\":\"http:\\\/\\\/www.4esbjerg.dk\\\/WP\\\/#\\\/schema\\\/logo\\\/image\\\/\"},\"sameAs\":[\"http:\\\/\\\/www.facebook.com\\\/4esbjerg\\\/\"]}]}<\/script>\n<!-- \/ Yoast SEO plugin. -->","yoast_head_json":{"title":"Spejder gruppen - KFUM 4. Esbjerg Gruppe","robots":{"index":"index","follow":"follow","max-snippet":"max-snippet:-1","max-image-preview":"max-image-preview:large","max-video-preview":"max-video-preview:-1"},"canonical":"http:\/\/www.4esbjerg.dk\/WP\/spejder-gruppen\/","og_locale":"en_US","og_type":"article","og_title":"Spejder gruppen - KFUM 4. Esbjerg Gruppe","og_description":"Vores spejder gruppe best\u00e5r af f\u00f8lgende: B\u00e6vere og ulveunger B\u00e6vere er for 1. klasse Ulveunger er for 2. &#8211; 3. klasse Vi m\u00f8des Onsdage kl. 17.00 &#8211; 18.15 p\u00e5 spejdercenter Esbjerg, Sl\u00e5envej 7, med mindre at andet er angivet. Der er spejderopstart d. 20. august 2025. Programmet for efter\u00e5ret 2025 bliver udleveret til b\u00f8rnene efter...","og_url":"http:\/\/www.4esbjerg.dk\/WP\/spejder-gruppen\/","og_site_name":"KFUM 4. Esbjerg Gruppe","article_publisher":"http:\/\/www.facebook.com\/4esbjerg\/","article_modified_time":"2025-06-21T14:52:39+00:00","og_image":[{"width":1998,"height":967,"url":"https:\/\/i0.wp.com\/www.4esbjerg.dk\/WP\/wp-content\/uploads\/2019\/08\/juniorOgTropAugust2019_3redigeret.jpg?fit=1998%2C967","type":"image\/jpeg"}],"twitter_card":"summary_large_image","twitter_misc":{"Est. reading time":"3 minutes"},"schema":{"@context":"https:\/\/schema.org","@graph":[{"@type":"WebPage","@id":"http:\/\/www.4esbjerg.dk\/WP\/spejder-gruppen\/","url":"http:\/\/www.4esbjerg.dk\/WP\/spejder-gruppen\/","name":"Spejder gruppen - KFUM 4. Esbjerg Gruppe","isPartOf":{"@id":"http:\/\/www.4esbjerg.dk\/WP\/#website"},"primaryImageOfPage":{"@id":"http:\/\/www.4esbjerg.dk\/WP\/spejder-gruppen\/#primaryimage"},"image":{"@id":"http:\/\/www.4esbjerg.dk\/WP\/spejder-gruppen\/#primaryimage"},"thumbnailUrl":"https:\/\/i0.wp.com\/www.4esbjerg.dk\/WP\/wp-content\/uploads\/2019\/08\/juniorOgTropAugust2019_3redigeret.jpg?fit=1998%2C967&ssl=1","datePublished":"2019-05-01T21:03:11+00:00","dateModified":"2025-06-21T14:52:39+00:00","breadcrumb":{"@id":"http:\/\/www.4esbjerg.dk\/WP\/spejder-gruppen\/#breadcrumb"},"inLanguage":"en-US","potentialAction":[{"@type":"ReadAction","target":["http:\/\/www.4esbjerg.dk\/WP\/spejder-gruppen\/"]}]},{"@type":"ImageObject","inLanguage":"en-US","@id":"http:\/\/www.4esbjerg.dk\/WP\/spejder-gruppen\/#primaryimage","url":"https:\/\/i0.wp.com\/www.4esbjerg.dk\/WP\/wp-content\/uploads\/2019\/08\/juniorOgTropAugust2019_3redigeret.jpg?fit=1998%2C967&ssl=1","contentUrl":"https:\/\/i0.wp.com\/www.4esbjerg.dk\/WP\/wp-content\/uploads\/2019\/08\/juniorOgTropAugust2019_3redigeret.jpg?fit=1998%2C967&ssl=1","width":1998,"height":967},{"@type":"BreadcrumbList","@id":"http:\/\/www.4esbjerg.dk\/WP\/spejder-gruppen\/#breadcrumb","itemListElement":[{"@type":"ListItem","position":1,"name":"Home","item":"http:\/\/www.4esbjerg.dk\/WP\/"},{"@type":"ListItem","position":2,"name":"Spejder gruppen"}]},{"@type":"WebSite","@id":"http:\/\/www.4esbjerg.dk\/WP\/#website","url":"http:\/\/www.4esbjerg.dk\/WP\/","name":"KFUM 4. Esbjerg Gruppe","description":"Er du til Spejderlivet eller klatring, s\u00e5 er du havnet det rigtige sted","publisher":{"@id":"http:\/\/www.4esbjerg.dk\/WP\/#organization"},"potentialAction":[{"@type":"SearchAction","target":{"@type":"EntryPoint","urlTemplate":"http:\/\/www.4esbjerg.dk\/WP\/?s={search_term_string}"},"query-input":{"@type":"PropertyValueSpecification","valueRequired":true,"valueName":"search_term_string"}}],"inLanguage":"en-US"},{"@type":"Organization","@id":"http:\/\/www.4esbjerg.dk\/WP\/#organization","name":"KFUM 4. Esbjerg Gruppe","url":"http:\/\/www.4esbjerg.dk\/WP\/","logo":{"@type":"ImageObject","inLanguage":"en-US","@id":"http:\/\/www.4esbjerg.dk\/WP\/#\/schema\/logo\/image\/","url":"https:\/\/i0.wp.com\/www.4esbjerg.dk\/WP\/wp-content\/uploads\/2019\/05\/KFUM-Spejderne_farver_firkantet-redigeret.png?fit=867%2C867","contentUrl":"https:\/\/i0.wp.com\/www.4esbjerg.dk\/WP\/wp-content\/uploads\/2019\/05\/KFUM-Spejderne_farver_firkantet-redigeret.png?fit=867%2C867","width":867,"height":867,"caption":"KFUM 4. Esbjerg Gruppe"},"image":{"@id":"http:\/\/www.4esbjerg.dk\/WP\/#\/schema\/logo\/image\/"},"sameAs":["http:\/\/www.facebook.com\/4esbjerg\/"]}]}},"jetpack_sharing_enabled":true,"_links":{"self":[{"href":"https:\/\/www.4esbjerg.dk\/WP\/wp-json\/wp\/v2\/pages\/38","targetHints":{"allow":["GET"]}}],"collection":[{"href":"https:\/\/www.4esbjerg.dk\/WP\/wp-json\/wp\/v2\/pages"}],"about":[{"href":"https:\/\/www.4esbjerg.dk\/WP\/wp-json\/wp\/v2\/types\/page"}],"author":[{"embeddable":true,"href":"https:\/\/www.4esbjerg.dk\/WP\/wp-json\/wp\/v2\/users\/1"}],"replies":[{"embeddable":true,"href":"https:\/\/www.4esbjerg.dk\/WP\/wp-json\/wp\/v2\/comments?post=38"}],"version-history":[{"count":28,"href":"https:\/\/www.4esbjerg.dk\/WP\/wp-json\/wp\/v2\/pages\/38\/revisions"}],"predecessor-version":[{"id":1027,"href":"https:\/\/www.4esbjerg.dk\/WP\/wp-json\/wp\/v2\/pages\/38\/revisions\/1027"}],"wp:featuredmedia":[{"embeddable":true,"href":"https:\/\/www.4esbjerg.dk\/WP\/wp-json\/wp\/v2\/media\/292"}],"wp:attachment":[{"href":"https:\/\/www.4esbjerg.dk\/WP\/wp-json\/wp\/v2\/media?parent=38"}],"curies":[{"name":"wp","href":"https:\/\/api.w.org\/{rel}","templated":true}]}}