{"id":41,"date":"2019-05-01T21:06:24","date_gmt":"2019-05-01T21:06:24","guid":{"rendered":"http:\/\/www.4esbjerg.dk\/WP\/?page_id=41"},"modified":"2025-06-21T15:57:41","modified_gmt":"2025-06-21T14:57:41","slug":"klatre-gruppen","status":"publish","type":"page","link":"https:\/\/www.4esbjerg.dk\/WP\/klatre-gruppen\/","title":{"rendered":"Esbjerg Klatrehal"},"content":{"rendered":"\n<p>Esbjerg klatrehal er en del af KFUM 4. Esbjerg Gruppe<\/p>\n\n\n\n<hr class=\"wp-block-separator has-css-opacity\"\/>\n\n\n\n<h3 class=\"wp-block-heading\">\u00c5bningstider med instrukt\u00f8rer<\/h3>\n\n\n\n<p>Mandage kl 19-21<br>Torsdage kl 17-19<\/p>\n\n\n\n<p>Hvis du ikke er medlem, s\u00e5 er du meget velkommen til at komme og pr\u00f8ve vores klatrehal. <\/p>\n\n\n\n<p>En pr\u00f8veklatring koster 75 kr. og kan pr\u00f8ves i den almindelige \u00e5bningstid. Du f\u00e5r instruktion og alt det hj\u00e6lp der beh\u00f8ves.<\/p>\n\n\n\n<p>Vi holder ferielukket i skolernes normale ferieperioder.<\/p>\n\n\n\n<hr class=\"wp-block-separator has-css-opacity\"\/>\n\n\n\n<h3 class=\"wp-block-heading\">Medlem<\/h3>\n\n\n\n<p>Som medlem har du mulighed for at benytte klatrehallen 24\/7. Dette kr\u00e6ver at du har f\u00e5et tilstr\u00e6kkelig undervisning (bevis). Kom og h\u00f8r n\u00e6rmere hos en af vores instrukt\u00f8rer. <\/p>\n\n\n\n<hr class=\"wp-block-separator has-css-opacity\"\/>\n\n\n\n<h3 class=\"wp-block-heading\">Klatreaftaler<\/h3>\n\n\n\n<p>Vi arrangerer klatreaftaler ved forudg\u00e5ende aftale. Lav en foresp\u00f8rgsel p\u00e5 vores Facebook Side, og vi kontakter dig derefter hurtigst muligt.  <br><a href=\"https:\/\/www.facebook.com\/EsbjergKlatrehal\/\">https:\/\/www.facebook.com\/EsbjergKlatrehal\/<\/a> <\/p>\n\n\n\n<p>Har du ikke Facebook, s\u00e5 kan du bruge vores <a href=\"http:\/\/www.4esbjerg.dk\/WP\/contact\/\">kontakt formular her<\/a><\/p>\n\n\n\n<p>Prisen er 75 kr pr person, dog minimum 750kr. Prisen d\u00e6kker udstyr og instrukt\u00f8rer.<\/p>\n\n\n\n<hr class=\"wp-block-separator has-css-opacity\"\/>\n\n\n\n<h3 class=\"wp-block-heading\">Kontingent<\/h3>\n\n\n\n<p>Et \u00e5rs kontingent koster 700 kr. pr. person. Det g\u00e6lder i perioden 1\/7 &#8211; 30\/6. er opkr\u00e6ves kontingent pr halv\u00e5r. Som medlem f\u00e5r du bl.a. adgang til klatrehallen og det n\u00f8dvendige udstyr.<\/p>\n\n\n\n<p>Som medlem af Esbjerg klatrehal og KFUM 4. Esbjerg gruppe f\u00e5r du bl.a. ogs\u00e5 adgang til gruppen egen hytte (Rovfuglereden) og mange andre aktiviteter. <\/p>\n\n\n\n<hr class=\"wp-block-separator has-css-opacity\"\/>\n\n\n\nngg_shortcode_0_placeholder\n","protected":false},"excerpt":{"rendered":"<p>Esbjerg klatrehal er en del af KFUM 4. Esbjerg Gruppe \u00c5bningstider med instrukt\u00f8rer Mandage kl 19-21Torsdage kl 17-19 Hvis du ikke er medlem, s\u00e5 er du meget velkommen til at komme og pr\u00f8ve vores klatrehal. En pr\u00f8veklatring koster 75 kr. og kan pr\u00f8ves i den almindelige \u00e5bningstid. Du f\u00e5r instruktion og alt det hj\u00e6lp der&#8230;<\/p>\n","protected":false},"author":1,"featured_media":43,"parent":0,"menu_order":0,"comment_status":"closed","ping_status":"closed","template":"","meta":{"_exactmetrics_skip_tracking":false,"_exactmetrics_sitenote_active":false,"_exactmetrics_sitenote_note":"","_exactmetrics_sitenote_category":0,"_uf_show_specific_survey":0,"_uf_disable_surveys":false,"ngg_post_thumbnail":0,"footnotes":""},"class_list":["post-41","page","type-page","status-publish","has-post-thumbnail","hentry"],"aioseo_notices":[],"yoast_head":"<!-- This site is optimized with the Yoast SEO plugin v27.3 - https:\/\/yoast.com\/product\/yoast-seo-wordpress\/ -->\n<title>Esbjerg Klatrehal - KFUM 4. Esbjerg Gruppe<\/title>\n<meta name=\"robots\" content=\"index, follow, max-snippet:-1, max-image-preview:large, max-video-preview:-1\" \/>\n<link rel=\"canonical\" href=\"https:\/\/www.4esbjerg.dk\/WP\/klatre-gruppen\/\" \/>\n<meta property=\"og:locale\" content=\"en_US\" \/>\n<meta property=\"og:type\" content=\"article\" \/>\n<meta property=\"og:title\" content=\"Esbjerg Klatrehal - KFUM 4. Esbjerg Gruppe\" \/>\n<meta property=\"og:description\" content=\"Esbjerg klatrehal er en del af KFUM 4. Esbjerg Gruppe \u00c5bningstider med instrukt\u00f8rer Mandage kl 19-21Torsdage kl 17-19 Hvis du ikke er medlem, s\u00e5 er du meget velkommen til at komme og pr\u00f8ve vores klatrehal. En pr\u00f8veklatring koster 75 kr. og kan pr\u00f8ves i den almindelige \u00e5bningstid. Du f\u00e5r instruktion og alt det hj\u00e6lp der...\" \/>\n<meta property=\"og:url\" content=\"https:\/\/www.4esbjerg.dk\/WP\/klatre-gruppen\/\" \/>\n<meta property=\"og:site_name\" content=\"KFUM 4. Esbjerg Gruppe\" \/>\n<meta property=\"article:publisher\" content=\"http:\/\/www.facebook.com\/4esbjerg\/\" \/>\n<meta property=\"article:modified_time\" content=\"2025-06-21T14:57:41+00:00\" \/>\n<meta property=\"og:image\" content=\"https:\/\/i0.wp.com\/www.4esbjerg.dk\/WP\/wp-content\/uploads\/2019\/05\/DSC_0341_redigeret.jpg?fit=4880%2C1386&ssl=1\" \/>\n\t<meta property=\"og:image:width\" content=\"4880\" \/>\n\t<meta property=\"og:image:height\" content=\"1386\" \/>\n\t<meta property=\"og:image:type\" content=\"image\/jpeg\" \/>\n<meta name=\"twitter:card\" content=\"summary_large_image\" \/>\n<meta name=\"twitter:label1\" content=\"Est. reading time\" \/>\n\t<meta name=\"twitter:data1\" content=\"2 minutes\" \/>\n<script type=\"application\/ld+json\" class=\"yoast-schema-graph\">{\"@context\":\"https:\\\/\\\/schema.org\",\"@graph\":[{\"@type\":\"WebPage\",\"@id\":\"https:\\\/\\\/www.4esbjerg.dk\\\/WP\\\/klatre-gruppen\\\/\",\"url\":\"https:\\\/\\\/www.4esbjerg.dk\\\/WP\\\/klatre-gruppen\\\/\",\"name\":\"Esbjerg Klatrehal - KFUM 4. Esbjerg Gruppe\",\"isPartOf\":{\"@id\":\"http:\\\/\\\/www.4esbjerg.dk\\\/WP\\\/#website\"},\"primaryImageOfPage\":{\"@id\":\"https:\\\/\\\/www.4esbjerg.dk\\\/WP\\\/klatre-gruppen\\\/#primaryimage\"},\"image\":{\"@id\":\"https:\\\/\\\/www.4esbjerg.dk\\\/WP\\\/klatre-gruppen\\\/#primaryimage\"},\"thumbnailUrl\":\"https:\\\/\\\/i0.wp.com\\\/www.4esbjerg.dk\\\/WP\\\/wp-content\\\/uploads\\\/2019\\\/05\\\/DSC_0341_redigeret.jpg?fit=4880%2C1386&ssl=1\",\"datePublished\":\"2019-05-01T21:06:24+00:00\",\"dateModified\":\"2025-06-21T14:57:41+00:00\",\"breadcrumb\":{\"@id\":\"https:\\\/\\\/www.4esbjerg.dk\\\/WP\\\/klatre-gruppen\\\/#breadcrumb\"},\"inLanguage\":\"en-US\",\"potentialAction\":[{\"@type\":\"ReadAction\",\"target\":[\"https:\\\/\\\/www.4esbjerg.dk\\\/WP\\\/klatre-gruppen\\\/\"]}]},{\"@type\":\"ImageObject\",\"inLanguage\":\"en-US\",\"@id\":\"https:\\\/\\\/www.4esbjerg.dk\\\/WP\\\/klatre-gruppen\\\/#primaryimage\",\"url\":\"https:\\\/\\\/i0.wp.com\\\/www.4esbjerg.dk\\\/WP\\\/wp-content\\\/uploads\\\/2019\\\/05\\\/DSC_0341_redigeret.jpg?fit=4880%2C1386&ssl=1\",\"contentUrl\":\"https:\\\/\\\/i0.wp.com\\\/www.4esbjerg.dk\\\/WP\\\/wp-content\\\/uploads\\\/2019\\\/05\\\/DSC_0341_redigeret.jpg?fit=4880%2C1386&ssl=1\",\"width\":4880,\"height\":1386},{\"@type\":\"BreadcrumbList\",\"@id\":\"https:\\\/\\\/www.4esbjerg.dk\\\/WP\\\/klatre-gruppen\\\/#breadcrumb\",\"itemListElement\":[{\"@type\":\"ListItem\",\"position\":1,\"name\":\"Home\",\"item\":\"http:\\\/\\\/www.4esbjerg.dk\\\/WP\\\/\"},{\"@type\":\"ListItem\",\"position\":2,\"name\":\"Esbjerg Klatrehal\"}]},{\"@type\":\"WebSite\",\"@id\":\"http:\\\/\\\/www.4esbjerg.dk\\\/WP\\\/#website\",\"url\":\"http:\\\/\\\/www.4esbjerg.dk\\\/WP\\\/\",\"name\":\"KFUM 4. Esbjerg Gruppe\",\"description\":\"Er du til Spejderlivet eller klatring, s\u00e5 er du havnet det rigtige sted\",\"publisher\":{\"@id\":\"http:\\\/\\\/www.4esbjerg.dk\\\/WP\\\/#organization\"},\"potentialAction\":[{\"@type\":\"SearchAction\",\"target\":{\"@type\":\"EntryPoint\",\"urlTemplate\":\"http:\\\/\\\/www.4esbjerg.dk\\\/WP\\\/?s={search_term_string}\"},\"query-input\":{\"@type\":\"PropertyValueSpecification\",\"valueRequired\":true,\"valueName\":\"search_term_string\"}}],\"inLanguage\":\"en-US\"},{\"@type\":\"Organization\",\"@id\":\"http:\\\/\\\/www.4esbjerg.dk\\\/WP\\\/#organization\",\"name\":\"KFUM 4. Esbjerg Gruppe\",\"url\":\"http:\\\/\\\/www.4esbjerg.dk\\\/WP\\\/\",\"logo\":{\"@type\":\"ImageObject\",\"inLanguage\":\"en-US\",\"@id\":\"http:\\\/\\\/www.4esbjerg.dk\\\/WP\\\/#\\\/schema\\\/logo\\\/image\\\/\",\"url\":\"https:\\\/\\\/i0.wp.com\\\/www.4esbjerg.dk\\\/WP\\\/wp-content\\\/uploads\\\/2019\\\/05\\\/KFUM-Spejderne_farver_firkantet-redigeret.png?fit=867%2C867\",\"contentUrl\":\"https:\\\/\\\/i0.wp.com\\\/www.4esbjerg.dk\\\/WP\\\/wp-content\\\/uploads\\\/2019\\\/05\\\/KFUM-Spejderne_farver_firkantet-redigeret.png?fit=867%2C867\",\"width\":867,\"height\":867,\"caption\":\"KFUM 4. Esbjerg Gruppe\"},\"image\":{\"@id\":\"http:\\\/\\\/www.4esbjerg.dk\\\/WP\\\/#\\\/schema\\\/logo\\\/image\\\/\"},\"sameAs\":[\"http:\\\/\\\/www.facebook.com\\\/4esbjerg\\\/\"]}]}<\/script>\n<!-- \/ Yoast SEO plugin. -->","yoast_head_json":{"title":"Esbjerg Klatrehal - KFUM 4. Esbjerg Gruppe","robots":{"index":"index","follow":"follow","max-snippet":"max-snippet:-1","max-image-preview":"max-image-preview:large","max-video-preview":"max-video-preview:-1"},"canonical":"https:\/\/www.4esbjerg.dk\/WP\/klatre-gruppen\/","og_locale":"en_US","og_type":"article","og_title":"Esbjerg Klatrehal - KFUM 4. Esbjerg Gruppe","og_description":"Esbjerg klatrehal er en del af KFUM 4. Esbjerg Gruppe \u00c5bningstider med instrukt\u00f8rer Mandage kl 19-21Torsdage kl 17-19 Hvis du ikke er medlem, s\u00e5 er du meget velkommen til at komme og pr\u00f8ve vores klatrehal. En pr\u00f8veklatring koster 75 kr. og kan pr\u00f8ves i den almindelige \u00e5bningstid. Du f\u00e5r instruktion og alt det hj\u00e6lp der...","og_url":"https:\/\/www.4esbjerg.dk\/WP\/klatre-gruppen\/","og_site_name":"KFUM 4. Esbjerg Gruppe","article_publisher":"http:\/\/www.facebook.com\/4esbjerg\/","article_modified_time":"2025-06-21T14:57:41+00:00","og_image":[{"width":4880,"height":1386,"url":"https:\/\/i0.wp.com\/www.4esbjerg.dk\/WP\/wp-content\/uploads\/2019\/05\/DSC_0341_redigeret.jpg?fit=4880%2C1386&ssl=1","type":"image\/jpeg"}],"twitter_card":"summary_large_image","twitter_misc":{"Est. reading time":"2 minutes"},"schema":{"@context":"https:\/\/schema.org","@graph":[{"@type":"WebPage","@id":"https:\/\/www.4esbjerg.dk\/WP\/klatre-gruppen\/","url":"https:\/\/www.4esbjerg.dk\/WP\/klatre-gruppen\/","name":"Esbjerg Klatrehal - KFUM 4. Esbjerg Gruppe","isPartOf":{"@id":"http:\/\/www.4esbjerg.dk\/WP\/#website"},"primaryImageOfPage":{"@id":"https:\/\/www.4esbjerg.dk\/WP\/klatre-gruppen\/#primaryimage"},"image":{"@id":"https:\/\/www.4esbjerg.dk\/WP\/klatre-gruppen\/#primaryimage"},"thumbnailUrl":"https:\/\/i0.wp.com\/www.4esbjerg.dk\/WP\/wp-content\/uploads\/2019\/05\/DSC_0341_redigeret.jpg?fit=4880%2C1386&ssl=1","datePublished":"2019-05-01T21:06:24+00:00","dateModified":"2025-06-21T14:57:41+00:00","breadcrumb":{"@id":"https:\/\/www.4esbjerg.dk\/WP\/klatre-gruppen\/#breadcrumb"},"inLanguage":"en-US","potentialAction":[{"@type":"ReadAction","target":["https:\/\/www.4esbjerg.dk\/WP\/klatre-gruppen\/"]}]},{"@type":"ImageObject","inLanguage":"en-US","@id":"https:\/\/www.4esbjerg.dk\/WP\/klatre-gruppen\/#primaryimage","url":"https:\/\/i0.wp.com\/www.4esbjerg.dk\/WP\/wp-content\/uploads\/2019\/05\/DSC_0341_redigeret.jpg?fit=4880%2C1386&ssl=1","contentUrl":"https:\/\/i0.wp.com\/www.4esbjerg.dk\/WP\/wp-content\/uploads\/2019\/05\/DSC_0341_redigeret.jpg?fit=4880%2C1386&ssl=1","width":4880,"height":1386},{"@type":"BreadcrumbList","@id":"https:\/\/www.4esbjerg.dk\/WP\/klatre-gruppen\/#breadcrumb","itemListElement":[{"@type":"ListItem","position":1,"name":"Home","item":"http:\/\/www.4esbjerg.dk\/WP\/"},{"@type":"ListItem","position":2,"name":"Esbjerg Klatrehal"}]},{"@type":"WebSite","@id":"http:\/\/www.4esbjerg.dk\/WP\/#website","url":"http:\/\/www.4esbjerg.dk\/WP\/","name":"KFUM 4. Esbjerg Gruppe","description":"Er du til Spejderlivet eller klatring, s\u00e5 er du havnet det rigtige sted","publisher":{"@id":"http:\/\/www.4esbjerg.dk\/WP\/#organization"},"potentialAction":[{"@type":"SearchAction","target":{"@type":"EntryPoint","urlTemplate":"http:\/\/www.4esbjerg.dk\/WP\/?s={search_term_string}"},"query-input":{"@type":"PropertyValueSpecification","valueRequired":true,"valueName":"search_term_string"}}],"inLanguage":"en-US"},{"@type":"Organization","@id":"http:\/\/www.4esbjerg.dk\/WP\/#organization","name":"KFUM 4. Esbjerg Gruppe","url":"http:\/\/www.4esbjerg.dk\/WP\/","logo":{"@type":"ImageObject","inLanguage":"en-US","@id":"http:\/\/www.4esbjerg.dk\/WP\/#\/schema\/logo\/image\/","url":"https:\/\/i0.wp.com\/www.4esbjerg.dk\/WP\/wp-content\/uploads\/2019\/05\/KFUM-Spejderne_farver_firkantet-redigeret.png?fit=867%2C867","contentUrl":"https:\/\/i0.wp.com\/www.4esbjerg.dk\/WP\/wp-content\/uploads\/2019\/05\/KFUM-Spejderne_farver_firkantet-redigeret.png?fit=867%2C867","width":867,"height":867,"caption":"KFUM 4. Esbjerg Gruppe"},"image":{"@id":"http:\/\/www.4esbjerg.dk\/WP\/#\/schema\/logo\/image\/"},"sameAs":["http:\/\/www.facebook.com\/4esbjerg\/"]}]}},"jetpack_sharing_enabled":true,"_links":{"self":[{"href":"https:\/\/www.4esbjerg.dk\/WP\/wp-json\/wp\/v2\/pages\/41","targetHints":{"allow":["GET"]}}],"collection":[{"href":"https:\/\/www.4esbjerg.dk\/WP\/wp-json\/wp\/v2\/pages"}],"about":[{"href":"https:\/\/www.4esbjerg.dk\/WP\/wp-json\/wp\/v2\/types\/page"}],"author":[{"embeddable":true,"href":"https:\/\/www.4esbjerg.dk\/WP\/wp-json\/wp\/v2\/users\/1"}],"replies":[{"embeddable":true,"href":"https:\/\/www.4esbjerg.dk\/WP\/wp-json\/wp\/v2\/comments?post=41"}],"version-history":[{"count":23,"href":"https:\/\/www.4esbjerg.dk\/WP\/wp-json\/wp\/v2\/pages\/41\/revisions"}],"predecessor-version":[{"id":986,"href":"https:\/\/www.4esbjerg.dk\/WP\/wp-json\/wp\/v2\/pages\/41\/revisions\/986"}],"wp:featuredmedia":[{"embeddable":true,"href":"https:\/\/www.4esbjerg.dk\/WP\/wp-json\/wp\/v2\/media\/43"}],"wp:attachment":[{"href":"https:\/\/www.4esbjerg.dk\/WP\/wp-json\/wp\/v2\/media?parent=41"}],"curies":[{"name":"wp","href":"https:\/\/api.w.org\/{rel}","templated":true}]}}